{"articles":[{"classes":["outercol"],"isFavourite":false,"isExternalUrl":{"articleLink":false},"articleListButtonsData":{"buttonsList":[{"label":"Les mer","url":"\/hjem\/Arva-blir-hovedsponsor-for-Nord-Norges-st\u00f8rste-barnefotballcup","type":"readmore"}],"mode":"default"},"favouriteType":null,"mnu":null,"section":null,"displayId":true,"docId":11647,"identifier":"11647Article","docType":"Article","customDate":false,"teaserData":{"teaserText":"","mode":"default"},"content":{"teaser":"","intro":"Bardufoss cup er blant tiltakene som stikker av med den st\u00f8rste tildelinga fra Arvas sponsorpott p\u00e5 rundt 400.000 kroner for 2026. Arva g\u00e5r inn med 75.000 kroner og blir hovedsponsor for cupen."},"titles":{"main":"Arva blir hovedsponsor for Nord-Norges st\u00f8rste barnefotballcup","readMoreButton":"Les mer"},"urls":{"readMore":"\/hjem\/Arva-blir-hovedsponsor-for-Nord-Norges-st\u00f8rste-barnefotballcup","booking":null},"created":{"date":"21.04.2026","time":"14:49","timestamp":1776775783},"introAllowHtml":false,"hasTicket":false,"extra":null,"hasReadMore":true,"media":{"imageData":{"path":"\/sites\/a\/arva.no\/files\/2026\/04\/7159.jpg","width":4000,"height":3000,"aspectRatio":1.3333333333333333},"previewImageUrl":"\/sites\/a\/arva.no\/files\/2026\/04\/7159.jpg?cropToFit=100x59&quality=50","imageVariants":[{"path":"\/sites\/a\/arva.no\/files\/2026\/04\/7159.jpg?cropToFit=100x59&quality=75","width":100,"height":59,"aspectRatio":1.694915254237288},{"path":"\/sites\/a\/arva.no\/files\/2026\/04\/7159.jpg?cropToFit=200x118&quality=75","width":200,"height":118,"aspectRatio":1.694915254237288},{"path":"\/sites\/a\/arva.no\/files\/2026\/04\/7159.jpg?cropToFit=400x235&quality=75","width":400,"height":235,"aspectRatio":1.702127659574468},{"path":"\/sites\/a\/arva.no\/files\/2026\/04\/7159.jpg?cropToFit=600x353&quality=75","width":600,"height":353,"aspectRatio":1.6997167138810199},{"path":"\/sites\/a\/arva.no\/files\/2026\/04\/7159.jpg?cropToFit=800x471&quality=75","width":800,"height":471,"aspectRatio":1.6985138004246285},{"path":"\/sites\/a\/arva.no\/files\/2026\/04\/7159.jpg?cropToFit=1000x588&quality=75","width":1000,"height":588,"aspectRatio":1.7006802721088434},{"path":"\/sites\/a\/arva.no\/files\/2026\/04\/7159.jpg?cropToFit=1200x706&quality=75","width":1200,"height":706,"aspectRatio":1.6997167138810199}],"image":"\/sites\/a\/arva.no\/files\/2026\/04\/7159.jpg","aspect":1.694915254237288,"type":"image","description":null},"additionalData":[]},{"classes":["outercol"],"isFavourite":false,"isExternalUrl":{"articleLink":false},"articleListButtonsData":{"buttonsList":[{"label":"Les mer","url":"\/hjem\/Arva-bemanner-opp-foran-stormvarsel","type":"readmore"}],"mode":"default"},"favouriteType":null,"mnu":null,"section":null,"displayId":true,"docId":11615,"identifier":"11615Article","docType":"Article","customDate":false,"teaserData":{"teaserText":"","mode":"default"},"content":{"teaser":"","intro":"Det bl\u00e5ser opp til uv\u00e6r. Arva bemanner opp med tilgjengelige mont\u00f8rer i natt, strategisk plassert langs kysten s\u00f8r i Nordland, der stormkastene ventes \u00e5 treffe hardest."},"titles":{"main":"Arva bemanner opp foran stormvarsel","readMoreButton":"Les mer"},"urls":{"readMore":"\/hjem\/Arva-bemanner-opp-foran-stormvarsel","booking":null},"created":{"date":"22.03.2026","time":"19:04","timestamp":1774202650},"introAllowHtml":false,"hasTicket":false,"extra":null,"hasReadMore":true,"media":{"imageData":{"path":"\/sites\/a\/arva.no\/files\/2026\/03\/tr__na.jpg","width":768,"height":1024,"aspectRatio":0.75},"previewImageUrl":"\/sites\/a\/arva.no\/files\/2026\/03\/tr__na.jpg?cropToFit=100x59&quality=50","imageVariants":[{"path":"\/sites\/a\/arva.no\/files\/2026\/03\/tr__na.jpg?cropToFit=100x59&quality=75","width":100,"height":59,"aspectRatio":1.694915254237288},{"path":"\/sites\/a\/arva.no\/files\/2026\/03\/tr__na.jpg?cropToFit=200x118&quality=75","width":200,"height":118,"aspectRatio":1.694915254237288},{"path":"\/sites\/a\/arva.no\/files\/2026\/03\/tr__na.jpg?cropToFit=400x235&quality=75","width":400,"height":235,"aspectRatio":1.702127659574468},{"path":"\/sites\/a\/arva.no\/files\/2026\/03\/tr__na.jpg?cropToFit=600x353&quality=75","width":600,"height":353,"aspectRatio":1.6997167138810199},{"path":"\/sites\/a\/arva.no\/files\/2026\/03\/tr__na.jpg?cropToFit=800x471&quality=75","width":768,"height":452,"aspectRatio":1.6991150442477876},{"path":"\/sites\/a\/arva.no\/files\/2026\/03\/tr__na.jpg?cropToFit=1000x588&quality=75","width":768,"height":452,"aspectRatio":1.6991150442477876},{"path":"\/sites\/a\/arva.no\/files\/2026\/03\/tr__na.jpg?cropToFit=1200x706&quality=75","width":768,"height":452,"aspectRatio":1.6991150442477876}],"image":"\/sites\/a\/arva.no\/files\/2026\/03\/tr__na.jpg","aspect":1.694915254237288,"type":"image","description":null},"additionalData":[]},{"classes":["outercol"],"isFavourite":false,"isExternalUrl":{"articleLink":false},"articleListButtonsData":{"buttonsList":[{"label":"Les mer","url":"\/?id=443556","type":"readmore"}],"mode":"default"},"favouriteType":null,"mnu":null,"section":null,"displayId":true,"docId":11341,"identifier":"11341Article","docType":"Article","customDate":false,"teaserData":{"teaserText":"","mode":"default"},"content":{"teaser":"","intro":"N\u00e5r nordvesten herjer som verst betyr det innetid for mange, men for energimont\u00f8r Hilda Str\u00f8mslid (20) er det n\u00e5 arbeidsdagen virkelig begynner. Hun er en av f\u00e5 kvinner i et beint\u00f8ft yrke \u2013 og hun trives best n\u00e5r naturen viser muskler."},"titles":{"main":"\u2013 Det er n\u00e5r stormen st\u00e5r p\u00e5 som verst at jobben f\u00f8les viktigst","readMoreButton":"Les mer"},"urls":{"readMore":"\/?id=443556","booking":null},"created":{"date":"09.03.2026","time":"23:37","timestamp":1773095858},"introAllowHtml":false,"hasTicket":false,"extra":null,"hasReadMore":true,"media":{"imageData":{"path":"\/sites\/a\/arva.no\/files\/2026\/03\/IMG_1710_1.jpg","width":4032,"height":1760,"aspectRatio":2.290909090909091},"previewImageUrl":"\/sites\/a\/arva.no\/files\/2026\/03\/IMG_1710_1.jpg?cropToFit=100x59&quality=50","imageVariants":[{"path":"\/sites\/a\/arva.no\/files\/2026\/03\/IMG_1710_1.jpg?cropToFit=100x59&quality=75","width":100,"height":59,"aspectRatio":1.694915254237288},{"path":"\/sites\/a\/arva.no\/files\/2026\/03\/IMG_1710_1.jpg?cropToFit=200x118&quality=75","width":200,"height":118,"aspectRatio":1.694915254237288},{"path":"\/sites\/a\/arva.no\/files\/2026\/03\/IMG_1710_1.jpg?cropToFit=400x235&quality=75","width":400,"height":235,"aspectRatio":1.702127659574468},{"path":"\/sites\/a\/arva.no\/files\/2026\/03\/IMG_1710_1.jpg?cropToFit=600x353&quality=75","width":600,"height":353,"aspectRatio":1.6997167138810199},{"path":"\/sites\/a\/arva.no\/files\/2026\/03\/IMG_1710_1.jpg?cropToFit=800x471&quality=75","width":800,"height":471,"aspectRatio":1.6985138004246285},{"path":"\/sites\/a\/arva.no\/files\/2026\/03\/IMG_1710_1.jpg?cropToFit=1000x588&quality=75","width":1000,"height":588,"aspectRatio":1.7006802721088434},{"path":"\/sites\/a\/arva.no\/files\/2026\/03\/IMG_1710_1.jpg?cropToFit=1200x706&quality=75","width":1200,"height":706,"aspectRatio":1.6997167138810199}],"image":"\/sites\/a\/arva.no\/files\/2026\/03\/IMG_1710_1.jpg","aspect":1.694915254237288,"type":"image","description":null},"additionalData":[]},{"classes":["outercol"],"isFavourite":false,"isExternalUrl":{"articleLink":false},"articleListButtonsData":{"buttonsList":[{"label":"Les mer","url":"\/hjem\/Under-snohaugen-befinner-det-seg-et-kabelskap","type":"readmore"}],"mode":"default"},"favouriteType":null,"mnu":null,"section":null,"displayId":true,"docId":11142,"identifier":"11142Article","docType":"Article","customDate":false,"teaserData":{"teaserText":"","mode":"default"},"content":{"teaser":"","intro":"Og slik kan det ikke v\u00e6re. Arvas mannskaper har rett og plikt til fri tilgang til v\u00e5re kabelskap \u2013 ogs\u00e5 de som st\u00e5r p\u00e5 privat grunn. Store sn\u00f8hauger kan f\u00f8re til at str\u00f8mbrudd varer mye lenger enn n\u00f8dvendig. \r\n"},"titles":{"main":"Under sn\u00f8haugen befinner det seg et kabelskap ","readMoreButton":"Les mer"},"urls":{"readMore":"\/hjem\/Under-snohaugen-befinner-det-seg-et-kabelskap","booking":null},"created":{"date":"18.02.2026","time":"15:17","timestamp":1771424220},"introAllowHtml":false,"hasTicket":false,"extra":null,"hasReadMore":true,"media":{"imageData":{"path":"\/sites\/a\/arva.no\/files\/2026\/02\/kabelskap_nedbr__ytet_bod__.jpg","width":1373,"height":749,"aspectRatio":1.8331108144192256},"previewImageUrl":"\/sites\/a\/arva.no\/files\/2026\/02\/kabelskap_nedbr__ytet_bod__.jpg?cropToFit=100x59&quality=50","imageVariants":[{"path":"\/sites\/a\/arva.no\/files\/2026\/02\/kabelskap_nedbr__ytet_bod__.jpg?cropToFit=100x59&quality=75","width":100,"height":59,"aspectRatio":1.694915254237288},{"path":"\/sites\/a\/arva.no\/files\/2026\/02\/kabelskap_nedbr__ytet_bod__.jpg?cropToFit=200x118&quality=75","width":200,"height":118,"aspectRatio":1.694915254237288},{"path":"\/sites\/a\/arva.no\/files\/2026\/02\/kabelskap_nedbr__ytet_bod__.jpg?cropToFit=400x235&quality=75","width":400,"height":235,"aspectRatio":1.702127659574468},{"path":"\/sites\/a\/arva.no\/files\/2026\/02\/kabelskap_nedbr__ytet_bod__.jpg?cropToFit=600x353&quality=75","width":600,"height":353,"aspectRatio":1.6997167138810199},{"path":"\/sites\/a\/arva.no\/files\/2026\/02\/kabelskap_nedbr__ytet_bod__.jpg?cropToFit=800x471&quality=75","width":800,"height":471,"aspectRatio":1.6985138004246285},{"path":"\/sites\/a\/arva.no\/files\/2026\/02\/kabelskap_nedbr__ytet_bod__.jpg?cropToFit=1000x588&quality=75","width":1000,"height":588,"aspectRatio":1.7006802721088434},{"path":"\/sites\/a\/arva.no\/files\/2026\/02\/kabelskap_nedbr__ytet_bod__.jpg?cropToFit=1200x706&quality=75","width":1200,"height":706,"aspectRatio":1.6997167138810199}],"image":"\/sites\/a\/arva.no\/files\/2026\/02\/kabelskap_nedbr__ytet_bod__.jpg","aspect":1.694915254237288,"type":"image","description":null},"additionalData":[]},{"classes":["outercol"],"isFavourite":false,"isExternalUrl":{"articleLink":false},"articleListButtonsData":{"buttonsList":[{"label":"Les mer","url":"\/hjem\/Flere-unge-ma-velge-montor-og-ingenioryrker","type":"readmore"}],"mode":"default"},"favouriteType":null,"mnu":null,"section":null,"displayId":true,"docId":11089,"identifier":"11089Article","docType":"Article","customDate":"Mon, 09 Feb 2026 00:00:00 +0100","teaserData":{"teaserText":"","mode":"default"},"content":{"teaser":"","intro":"Nord-Norge trenger flere fagfolk innen elfag. Derfor deltok Arva p\u00e5 utdanningsmessa i Troms\u00f8hallen 5. februar 2026, hvor vi m\u00f8tte ungdommer og svarte p\u00e5 sp\u00f8rsm\u00e5l om arbeid i kraftbransjen."},"titles":{"main":"Flere unge m\u00e5 velge mont\u00f8r- og ingeni\u00f8ryrker","readMoreButton":"Les mer"},"urls":{"readMore":"\/hjem\/Flere-unge-ma-velge-montor-og-ingenioryrker","booking":null},"created":{"date":"09.02.2026","time":"12:31","timestamp":1770636660},"introAllowHtml":false,"hasTicket":false,"extra":null,"hasReadMore":true,"media":{"imageData":{"path":"\/sites\/a\/arva.no\/files\/2026\/02\/elev_pr__veklatrer2.jpg","width":3024,"height":1844,"aspectRatio":1.6399132321041214},"previewImageUrl":"\/sites\/a\/arva.no\/files\/2026\/02\/elev_pr__veklatrer2.jpg?cropToFit=100x59&quality=50","imageVariants":[{"path":"\/sites\/a\/arva.no\/files\/2026\/02\/elev_pr__veklatrer2.jpg?cropToFit=100x59&quality=75","width":100,"height":59,"aspectRatio":1.694915254237288},{"path":"\/sites\/a\/arva.no\/files\/2026\/02\/elev_pr__veklatrer2.jpg?cropToFit=200x118&quality=75","width":200,"height":118,"aspectRatio":1.694915254237288},{"path":"\/sites\/a\/arva.no\/files\/2026\/02\/elev_pr__veklatrer2.jpg?cropToFit=400x235&quality=75","width":400,"height":235,"aspectRatio":1.702127659574468},{"path":"\/sites\/a\/arva.no\/files\/2026\/02\/elev_pr__veklatrer2.jpg?cropToFit=600x353&quality=75","width":600,"height":353,"aspectRatio":1.6997167138810199},{"path":"\/sites\/a\/arva.no\/files\/2026\/02\/elev_pr__veklatrer2.jpg?cropToFit=800x471&quality=75","width":800,"height":471,"aspectRatio":1.6985138004246285},{"path":"\/sites\/a\/arva.no\/files\/2026\/02\/elev_pr__veklatrer2.jpg?cropToFit=1000x588&quality=75","width":1000,"height":588,"aspectRatio":1.7006802721088434},{"path":"\/sites\/a\/arva.no\/files\/2026\/02\/elev_pr__veklatrer2.jpg?cropToFit=1200x706&quality=75","width":1200,"height":706,"aspectRatio":1.6997167138810199}],"image":"\/sites\/a\/arva.no\/files\/2026\/02\/elev_pr__veklatrer2.jpg","aspect":1.694915254237288,"type":"image","description":null},"additionalData":[]},{"classes":["outercol"],"isFavourite":false,"isExternalUrl":{"articleLink":false},"articleListButtonsData":{"buttonsList":[{"label":"Les mer","url":"\/hjem\/Helikopterbefaring-avslorte-12-kritiske-feil-i-Nordland-og-Troms","type":"readmore"}],"mode":"default"},"favouriteType":null,"mnu":null,"section":null,"displayId":true,"docId":11042,"identifier":"11042Article","docType":"Article","customDate":false,"teaserData":{"teaserText":"","mode":"default"},"content":{"teaser":"","intro":"Uv\u00e6ret i romjula satte kraftnettet i Nord-Norge p\u00e5 pr\u00f8ve. Helikopterbefaringer i uke 2 og 3 avdekket totalt 18 feil p\u00e5 Arvas kraftlinjer i Nordland og Troms. 12 av dem var s\u00e5 alvorlige at de m\u00e5tte utbedres umiddelbart."},"titles":{"main":"Helikopterbefaring avsl\u00f8rte 12 kritiske feil i Nordland og Troms","readMoreButton":"Les mer"},"urls":{"readMore":"\/hjem\/Helikopterbefaring-avslorte-12-kritiske-feil-i-Nordland-og-Troms","booking":null},"created":{"date":"28.01.2026","time":"12:34","timestamp":1769600040},"introAllowHtml":false,"hasTicket":false,"extra":null,"hasReadMore":true,"media":{"imageData":{"path":"\/sites\/a\/arva.no\/files\/2026\/01\/bilde.png","width":977,"height":728,"aspectRatio":1.342032967032967},"previewImageUrl":"\/sites\/a\/arva.no\/files\/2026\/01\/bilde.png?cropToFit=100x59&quality=50","imageVariants":[{"path":"\/sites\/a\/arva.no\/files\/2026\/01\/bilde.png?cropToFit=100x59&quality=75","width":100,"height":59,"aspectRatio":1.694915254237288},{"path":"\/sites\/a\/arva.no\/files\/2026\/01\/bilde.png?cropToFit=200x118&quality=75","width":200,"height":118,"aspectRatio":1.694915254237288},{"path":"\/sites\/a\/arva.no\/files\/2026\/01\/bilde.png?cropToFit=400x235&quality=75","width":400,"height":235,"aspectRatio":1.702127659574468},{"path":"\/sites\/a\/arva.no\/files\/2026\/01\/bilde.png?cropToFit=600x353&quality=75","width":600,"height":353,"aspectRatio":1.6997167138810199},{"path":"\/sites\/a\/arva.no\/files\/2026\/01\/bilde.png?cropToFit=800x471&quality=75","width":800,"height":471,"aspectRatio":1.6985138004246285},{"path":"\/sites\/a\/arva.no\/files\/2026\/01\/bilde.png?cropToFit=1000x588&quality=75","width":977,"height":574,"aspectRatio":1.7020905923344947},{"path":"\/sites\/a\/arva.no\/files\/2026\/01\/bilde.png?cropToFit=1200x706&quality=75","width":977,"height":575,"aspectRatio":1.6991304347826086}],"image":"\/sites\/a\/arva.no\/files\/2026\/01\/bilde.png","aspect":1.694915254237288,"type":"image","description":null},"additionalData":[]},{"classes":["outercol"],"isFavourite":false,"isExternalUrl":{"articleLink":false},"articleListButtonsData":{"buttonsList":[{"label":"Les mer","url":"\/hjem\/Livsfarlig-snodumping-under-kraftlinjer","type":"readmore"}],"mode":"default"},"favouriteType":null,"mnu":null,"section":null,"displayId":true,"docId":11015,"identifier":"11015Article","docType":"Article","customDate":false,"teaserData":{"teaserText":"","mode":"default"},"content":{"teaser":"","intro":"Her ser vi en h\u00f8y sn\u00f8haug rett under ei av Arvas h\u00f8yspentlinjer. Det gir altfor kort avstand til bakken, og kan i verste fall f\u00f8re til d\u00f8dsulykke dersom noen kommer for n\u00e6r ledningene."},"titles":{"main":"Livsfarlig sn\u00f8dumping under kraftlinjer","readMoreButton":"Les mer"},"urls":{"readMore":"\/hjem\/Livsfarlig-snodumping-under-kraftlinjer","booking":null},"created":{"date":"26.01.2026","time":"13:23","timestamp":1769430180},"introAllowHtml":false,"hasTicket":false,"extra":null,"hasReadMore":true,"media":{"imageData":{"path":"\/sites\/a\/arva.no\/files\/2026\/01\/sn___under_hslinje.jpg","width":1500,"height":1098,"aspectRatio":1.366120218579235},"previewImageUrl":"\/sites\/a\/arva.no\/files\/2026\/01\/sn___under_hslinje.jpg?cropToFit=100x59&quality=50","imageVariants":[{"path":"\/sites\/a\/arva.no\/files\/2026\/01\/sn___under_hslinje.jpg?cropToFit=100x59&quality=75","width":100,"height":59,"aspectRatio":1.694915254237288},{"path":"\/sites\/a\/arva.no\/files\/2026\/01\/sn___under_hslinje.jpg?cropToFit=200x118&quality=75","width":200,"height":118,"aspectRatio":1.694915254237288},{"path":"\/sites\/a\/arva.no\/files\/2026\/01\/sn___under_hslinje.jpg?cropToFit=400x235&quality=75","width":400,"height":235,"aspectRatio":1.702127659574468},{"path":"\/sites\/a\/arva.no\/files\/2026\/01\/sn___under_hslinje.jpg?cropToFit=600x353&quality=75","width":600,"height":353,"aspectRatio":1.6997167138810199},{"path":"\/sites\/a\/arva.no\/files\/2026\/01\/sn___under_hslinje.jpg?cropToFit=800x471&quality=75","width":800,"height":471,"aspectRatio":1.6985138004246285},{"path":"\/sites\/a\/arva.no\/files\/2026\/01\/sn___under_hslinje.jpg?cropToFit=1000x588&quality=75","width":1000,"height":588,"aspectRatio":1.7006802721088434},{"path":"\/sites\/a\/arva.no\/files\/2026\/01\/sn___under_hslinje.jpg?cropToFit=1200x706&quality=75","width":1200,"height":706,"aspectRatio":1.6997167138810199}],"image":"\/sites\/a\/arva.no\/files\/2026\/01\/sn___under_hslinje.jpg","aspect":1.694915254237288,"type":"image","description":null},"additionalData":[]},{"classes":["outercol"],"isFavourite":false,"isExternalUrl":{"articleLink":false},"articleListButtonsData":{"buttonsList":[{"label":"Les mer","url":"\/hjem\/Arva-befarer-linjene-etter-uveret","type":"readmore"}],"mode":"default"},"favouriteType":null,"mnu":null,"section":null,"displayId":true,"docId":10841,"identifier":"10841Article","docType":"Article","customDate":"Tue, 06 Jan 2026 00:00:00 +0100","teaserData":{"teaserText":"","mode":"default"},"content":{"teaser":"","intro":"Arva bruker helikopter for \u00e5 lete etter skader i h\u00f8yspentnettet etter uv\u00e6ret i Nordland og Troms i jula. Beboere n\u00e6r h\u00f8yspentlinjene kan oppleve helikopterflyging i lav h\u00f8yde og noe st\u00f8y de neste dagene."},"titles":{"main":"Arva befarer linjene etter uv\u00e6ret","readMoreButton":"Les mer"},"urls":{"readMore":"\/hjem\/Arva-befarer-linjene-etter-uveret","booking":null},"created":{"date":"06.01.2026","time":"15:08","timestamp":1767708480},"introAllowHtml":false,"hasTicket":false,"extra":null,"hasReadMore":true,"media":{"imageData":{"path":"\/sites\/a\/arva.no\/files\/2026\/01\/helikopter.jpg","width":3024,"height":1520,"aspectRatio":1.9894736842105263},"previewImageUrl":"\/sites\/a\/arva.no\/files\/2026\/01\/helikopter.jpg?cropToFit=100x59&quality=50","imageVariants":[{"path":"\/sites\/a\/arva.no\/files\/2026\/01\/helikopter.jpg?cropToFit=100x59&quality=75","width":100,"height":59,"aspectRatio":1.694915254237288},{"path":"\/sites\/a\/arva.no\/files\/2026\/01\/helikopter.jpg?cropToFit=200x118&quality=75","width":200,"height":118,"aspectRatio":1.694915254237288},{"path":"\/sites\/a\/arva.no\/files\/2026\/01\/helikopter.jpg?cropToFit=400x235&quality=75","width":400,"height":235,"aspectRatio":1.702127659574468},{"path":"\/sites\/a\/arva.no\/files\/2026\/01\/helikopter.jpg?cropToFit=600x353&quality=75","width":600,"height":353,"aspectRatio":1.6997167138810199},{"path":"\/sites\/a\/arva.no\/files\/2026\/01\/helikopter.jpg?cropToFit=800x471&quality=75","width":800,"height":471,"aspectRatio":1.6985138004246285},{"path":"\/sites\/a\/arva.no\/files\/2026\/01\/helikopter.jpg?cropToFit=1000x588&quality=75","width":1000,"height":588,"aspectRatio":1.7006802721088434},{"path":"\/sites\/a\/arva.no\/files\/2026\/01\/helikopter.jpg?cropToFit=1200x706&quality=75","width":1200,"height":706,"aspectRatio":1.6997167138810199}],"image":"\/sites\/a\/arva.no\/files\/2026\/01\/helikopter.jpg","aspect":1.694915254237288,"type":"image","description":null},"additionalData":[]}],"pages":[1,2,3,4,5,6,7,8,9,10,11],"currentPage":1,"sections":[]}